{"id":363,"date":"2018-09-28T16:52:28","date_gmt":"2018-09-28T16:52:28","guid":{"rendered":"http:\/\/commune.esson.fr\/website\/?page_id=363"},"modified":"2022-03-18T12:36:07","modified_gmt":"2022-03-18T12:36:07","slug":"patrimoine","status":"publish","type":"page","link":"https:\/\/commune.esson.fr\/website\/?page_id=363","title":{"rendered":"ESSON Patrimoine"},"content":{"rendered":"<p>D\u2019importants travaux de r\u00e9novation sont n\u00e9cessaires \u00e0 l\u2019int\u00e9rieur et ext\u00e9rieur de l\u2019\u00e9glise ainsi qu\u2019\u00e0 la <a href=\"https:\/\/commune.esson.fr\/website\/?page_id=251\" target=\"_blank\" rel=\"noopener\">Chapelle Bonne Nouvelle<\/a>.<br>Nous avons le projet de cr\u00e9er une association afin de contribuer \u00e0 pr\u00e9server notre patrimoine communal.<br>Les travaux seront effectu\u00e9s avec l\u2019assistance de la Fondation du Patrimoine et par des artisans locaux.<br>Afin de pr\u00e9senter ce projet, une r\u00e9union d\u2019information a \u00e9t\u00e9 organis\u00e9e le 25 Septembre \u00e0 la salle des f\u00eates.<\/p>\n<p>Voici quelques photos significatives pr\u00e9sent\u00e9es lors de cette r\u00e9union :<\/p>\n<h1>Chapelle Bonne Nouvelle<\/h1>\n<p><img loading=\"lazy\" decoding=\"async\" class=\"aligncenter wp-image-369 size-large\" src=\"https:\/\/commune.esson.fr\/website\/wp-content\/uploads\/2018\/09\/Chapelle-1024x600.jpg\" alt=\"\" width=\"584\" height=\"342\" srcset=\"https:\/\/commune.esson.fr\/website\/wp-content\/uploads\/2018\/09\/Chapelle.jpg 1024w, https:\/\/commune.esson.fr\/website\/wp-content\/uploads\/2018\/09\/Chapelle-300x176.jpg 300w, https:\/\/commune.esson.fr\/website\/wp-content\/uploads\/2018\/09\/Chapelle-768x450.jpg 768w, https:\/\/commune.esson.fr\/website\/wp-content\/uploads\/2018\/09\/Chapelle-500x293.jpg 500w\" sizes=\"auto, (max-width: 584px) 85vw, 584px\" \/>D\u00e9gradation du plancher, importantes traces d\u2019infiltrations au plafond :<br><img loading=\"lazy\" decoding=\"async\" class=\"aligncenter wp-image-370 size-large\" src=\"https:\/\/commune.esson.fr\/website\/wp-content\/uploads\/2018\/09\/Chapelle_2-1024x600.jpg\" alt=\"\" width=\"584\" height=\"342\" srcset=\"https:\/\/commune.esson.fr\/website\/wp-content\/uploads\/2018\/09\/Chapelle_2.jpg 1024w, https:\/\/commune.esson.fr\/website\/wp-content\/uploads\/2018\/09\/Chapelle_2-300x176.jpg 300w, https:\/\/commune.esson.fr\/website\/wp-content\/uploads\/2018\/09\/Chapelle_2-768x450.jpg 768w, https:\/\/commune.esson.fr\/website\/wp-content\/uploads\/2018\/09\/Chapelle_2-500x293.jpg 500w\" sizes=\"auto, (max-width: 584px) 85vw, 584px\" \/><\/p>\n<h1>Eglise Esson<\/h1>\n<p><img loading=\"lazy\" decoding=\"async\" class=\"aligncenter wp-image-371 size-large\" src=\"https:\/\/commune.esson.fr\/website\/wp-content\/uploads\/2018\/09\/Eglise_1-1024x588.jpg\" alt=\"\" width=\"584\" height=\"335\" srcset=\"https:\/\/commune.esson.fr\/website\/wp-content\/uploads\/2018\/09\/Eglise_1.jpg 1024w, https:\/\/commune.esson.fr\/website\/wp-content\/uploads\/2018\/09\/Eglise_1-300x172.jpg 300w, https:\/\/commune.esson.fr\/website\/wp-content\/uploads\/2018\/09\/Eglise_1-768x441.jpg 768w, https:\/\/commune.esson.fr\/website\/wp-content\/uploads\/2018\/09\/Eglise_1-500x287.jpg 500w\" sizes=\"auto, (max-width: 584px) 85vw, 584px\" \/>D\u00e9gradation des joints ext\u00e9rieurs entrainant une d\u00e9t\u00e9rioration des murs int\u00e9rieurs :<\/p>\n<p><img loading=\"lazy\" decoding=\"async\" class=\"wp-image-372 size-large aligncenter\" src=\"https:\/\/commune.esson.fr\/website\/wp-content\/uploads\/2018\/09\/Eglise_2-1024x600.jpg\" alt=\"\" width=\"584\" height=\"342\" srcset=\"https:\/\/commune.esson.fr\/website\/wp-content\/uploads\/2018\/09\/Eglise_2.jpg 1024w, https:\/\/commune.esson.fr\/website\/wp-content\/uploads\/2018\/09\/Eglise_2-300x176.jpg 300w, https:\/\/commune.esson.fr\/website\/wp-content\/uploads\/2018\/09\/Eglise_2-768x450.jpg 768w, https:\/\/commune.esson.fr\/website\/wp-content\/uploads\/2018\/09\/Eglise_2-500x293.jpg 500w\" sizes=\"auto, (max-width: 584px) 85vw, 584px\" \/>Absence d\u2019\u00e9coulement des eaux entrainant une d\u00e9t\u00e9rioration progressive de la ma\u00e7onnerie.<\/p>\n\n\n<h2 class=\"wp-block-heading\">2021<\/h2>\n\n\n\n<p>Pour la deuxi\u00e8me ann\u00e9e cons\u00e9cutive, la situation sanitaire a ralenti le rythme des animations pr\u00e9vues par l\u2019association ESSON PATRIMOINE. Cependant, \u00e0 l\u2019occasion des Journ\u00e9es Europ\u00e9ennes du Patrimoine, la municipalit\u00e9 et l\u2019association ont tout de m\u00eame tenu \u00e0 organiser une journ\u00e9e d\u2019inauguration de la Chapelle Bonne-Nouvelle apr\u00e8s r\u00e9ception des travaux de restauration, r\u00e9alis\u00e9s sous l\u2019\u00e9gide de la Fondation du<br>Patrimoine.<\/p>\n\n\n\n<div class=\"wp-block-image\"><figure class=\"aligncenter size-full\"><img loading=\"lazy\" decoding=\"async\" width=\"602\" height=\"423\" src=\"https:\/\/commune.esson.fr\/website\/wp-content\/uploads\/2022\/03\/Patrimoine_2022_1.jpg\" alt=\"\" class=\"wp-image-389\" srcset=\"https:\/\/commune.esson.fr\/website\/wp-content\/uploads\/2022\/03\/Patrimoine_2022_1.jpg 602w, https:\/\/commune.esson.fr\/website\/wp-content\/uploads\/2022\/03\/Patrimoine_2022_1-300x211.jpg 300w, https:\/\/commune.esson.fr\/website\/wp-content\/uploads\/2022\/03\/Patrimoine_2022_1-427x300.jpg 427w\" sizes=\"auto, (max-width: 602px) 85vw, 602px\" \/><\/figure><\/div>\n\n\n\n<p>En effet, le dimanche 19 septembre 2021, M. Gilles Pitel, maire de la commune et M. Serge Beaunieux, pr\u00e9sident de l\u2019association, ont re\u00e7u les donateurs ainsi que Mme Sylvie Jacq et M. Bruno Fran\u00e7ois, conseillers d\u00e9partementaux, M. Jacky Lehugeur, pr\u00e9sident de la communaut\u00e9 de communes, et MM. Canchon et Lesellier restaurateurs des Ateliers Legrand.<\/p>\n\n\n\n<div class=\"wp-block-image\"><figure class=\"aligncenter size-full\"><img loading=\"lazy\" decoding=\"async\" width=\"614\" height=\"340\" src=\"https:\/\/commune.esson.fr\/website\/wp-content\/uploads\/2022\/03\/Patrimoine_2022_2.jpg\" alt=\"\" class=\"wp-image-392\" srcset=\"https:\/\/commune.esson.fr\/website\/wp-content\/uploads\/2022\/03\/Patrimoine_2022_2.jpg 614w, https:\/\/commune.esson.fr\/website\/wp-content\/uploads\/2022\/03\/Patrimoine_2022_2-300x166.jpg 300w, https:\/\/commune.esson.fr\/website\/wp-content\/uploads\/2022\/03\/Patrimoine_2022_2-500x277.jpg 500w\" sizes=\"auto, (max-width: 614px) 85vw, 614px\" \/><\/figure><\/div>\n\n\n\n<p>Ces derniers ont pr\u00e9sent\u00e9 le travail r\u00e9alis\u00e9 sur l\u2019autel, inscrit \u00e0 l\u2019inventaire des Monuments Historiques, devant un public captiv\u00e9 par les explications, appuy\u00e9es par un diaporama, d\u00e9voilant les diff\u00e9rentes \u00e9tapes de cette restauration.<\/p>\n\n\n\n<p>D\u00e9mont\u00e9 puis transport\u00e9 jusqu\u2019aux ateliers situ\u00e9s \u00e0 Darn\u00e9tal, en Seine-Maritime, totalement restaur\u00e9, notamment au niveau de l\u2019antependium (le devant d\u2019autel qui avait \u00e9t\u00e9 vandalis\u00e9), celui-ci est \u00e0 nouveau surmont\u00e9 de deux statues, l\u2019une repr\u00e9sentant Sainte Honorine et l\u2019autre Sainte Genevi\u00e8ve. L\u2019autel, tr\u00f4ne d\u00e9sormais sur un sol en pierres naturelles r\u00e9nov\u00e9 par l\u2019entreprise Leblanc.<br>Pour finir, le tableau de l\u2019Annonciation, lui aussi inscrit \u00e0 l\u2019inventaire des Monuments Historiques et restaur\u00e9 en 2020 par Corneliu Andronescu, restaurateur d\u2019\u0153uvres d\u2019art, a d\u00e9voil\u00e9 les diff\u00e9rentes \u00e9tapes de celle-ci gr\u00e2ce \u00e0 un diaporama r\u00e9alis\u00e9 par l\u2019association ESSON PATRIMOINE.<\/p>\n\n\n\n<figure class=\"wp-block-image size-large\"><img loading=\"lazy\" decoding=\"async\" width=\"809\" height=\"1024\" src=\"https:\/\/commune.esson.fr\/website\/wp-content\/uploads\/2022\/03\/Patrimoine_2022_3-809x1024.jpg\" alt=\"\" class=\"wp-image-393\" srcset=\"https:\/\/commune.esson.fr\/website\/wp-content\/uploads\/2022\/03\/Patrimoine_2022_3-809x1024.jpg 809w, https:\/\/commune.esson.fr\/website\/wp-content\/uploads\/2022\/03\/Patrimoine_2022_3-237x300.jpg 237w, https:\/\/commune.esson.fr\/website\/wp-content\/uploads\/2022\/03\/Patrimoine_2022_3-768x972.jpg 768w, https:\/\/commune.esson.fr\/website\/wp-content\/uploads\/2022\/03\/Patrimoine_2022_3-1214x1536.jpg 1214w, https:\/\/commune.esson.fr\/website\/wp-content\/uploads\/2022\/03\/Patrimoine_2022_3-1619x2048.jpg 1619w, https:\/\/commune.esson.fr\/website\/wp-content\/uploads\/2022\/03\/Patrimoine_2022_3-scaled.jpg 2024w\" sizes=\"auto, (max-width: 809px) 85vw, 809px\" \/><\/figure>\n\n\n\n<div class=\"wp-block-image\"><figure class=\"aligncenter size-full\"><img loading=\"lazy\" decoding=\"async\" width=\"871\" height=\"524\" src=\"https:\/\/commune.esson.fr\/website\/wp-content\/uploads\/2022\/03\/Patrimoine_2022_4.jpg\" alt=\"\" class=\"wp-image-394\" srcset=\"https:\/\/commune.esson.fr\/website\/wp-content\/uploads\/2022\/03\/Patrimoine_2022_4.jpg 871w, https:\/\/commune.esson.fr\/website\/wp-content\/uploads\/2022\/03\/Patrimoine_2022_4-300x180.jpg 300w, https:\/\/commune.esson.fr\/website\/wp-content\/uploads\/2022\/03\/Patrimoine_2022_4-768x462.jpg 768w, https:\/\/commune.esson.fr\/website\/wp-content\/uploads\/2022\/03\/Patrimoine_2022_4-500x300.jpg 500w\" sizes=\"auto, (max-width: 709px) 85vw, (max-width: 909px) 67vw, (max-width: 1362px) 62vw, 840px\" \/><\/figure><\/div>\n\n\n\n<p>A l\u2019issue de cette journ\u00e9e les diff\u00e9rents participants ont pos\u00e9 pour la photo souvenir devant l\u2019entr\u00e9e de la chapelle. Qui est d\u00e9sormais estampill\u00e9e du label de la Fondation du Patrimoine.<\/p>\n\n\n\n<div class=\"wp-block-image\"><figure class=\"aligncenter size-full\"><img loading=\"lazy\" decoding=\"async\" width=\"536\" height=\"329\" src=\"https:\/\/commune.esson.fr\/website\/wp-content\/uploads\/2022\/03\/Patrimoine_2022_5.jpg\" alt=\"\" class=\"wp-image-397\" srcset=\"https:\/\/commune.esson.fr\/website\/wp-content\/uploads\/2022\/03\/Patrimoine_2022_5.jpg 536w, https:\/\/commune.esson.fr\/website\/wp-content\/uploads\/2022\/03\/Patrimoine_2022_5-300x184.jpg 300w, https:\/\/commune.esson.fr\/website\/wp-content\/uploads\/2022\/03\/Patrimoine_2022_5-489x300.jpg 489w\" sizes=\"auto, (max-width: 536px) 85vw, 536px\" \/><\/figure><\/div>\n\n\n\n<p>Le but de l\u2019association est de promouvoir le patrimoine local, de permettre sa r\u00e9novation et sa pr\u00e9servation. Le prochain chantier devrait commencer d\u2019ici peu avec la r\u00e9fection des joints du clocher de l\u2019Eglise, afin non seulement d\u2019harmoniser le monument, mais aussi de le prot\u00e9ger.<br>La deuxi\u00e8me campagne de don est donc ouverte sur le site de la Fondation du patrimoine.<br>N\u2019h\u00e9sitez pas \u00e0 faire un don directement sur le site de la Fondation du patrimoine, sur la page d\u00e9di\u00e9e \u00e0 notre projet&nbsp;: <a rel=\"noreferrer noopener\" href=\"https:\/\/www.fondation-patrimoine.org\/les-projets\/eglise-et-chapelle-d-esson\" target=\"_blank\">https:\/\/www.fondation-patrimoine.org\/les-projets\/eglise-et-chapelle-d-esson<\/a>  ou bien par courrier adress\u00e9 \u00e0 l\u2019association.<\/p>\n\n\n\n<p>Pour rappel, chaque don donne lieu \u00e0 un cr\u00e9dit d\u2019imp\u00f4ts. Forte d\u2019une vingtaine de membres, l\u2019association est ouverte \u00e0 toutes et tous. N\u2019h\u00e9sitez pas \u00e0 nous rejoindre en \u00e9crivant \u00e0 ESSON Patrimoine, 4 rue de Pont d\u2019Ouilly, 14220 ESSON ou bien \u00e0 <a href=\"mailto:patrimoine@esson.fr\">patrimoine@esson.fr<\/a>. Nous serons tr\u00e8s heureux de vous compter parmi nous.<\/p>\n\n\n\n<div class=\"wp-block-image\"><figure class=\"aligncenter size-full\"><img loading=\"lazy\" decoding=\"async\" width=\"153\" height=\"150\" src=\"https:\/\/commune.esson.fr\/website\/wp-content\/uploads\/2022\/03\/ESSON-Patrimoine.jpg\" alt=\"\" class=\"wp-image-400\"\/><\/figure><\/div>\n\n\n\n<div class=\"wp-block-image\"><figure class=\"aligncenter size-full is-resized\"><a href=\"https:\/\/www.facebook.com\/groups\/173108356920331\"><img loading=\"lazy\" decoding=\"async\" src=\"https:\/\/commune.esson.fr\/website\/wp-content\/uploads\/2022\/03\/Facebook_ESSON.jpg\" alt=\"\" class=\"wp-image-402\" width=\"163\" height=\"172\"\/><\/a><figcaption>Facebook<\/figcaption><\/figure><\/div>\n\n\n\n<ul class=\"wp-block-social-links is-layout-flex wp-block-social-links-is-layout-flex\"><\/ul>\n\n\n\n<p><\/p>\n","protected":false},"excerpt":{"rendered":"<p>D\u2019importants travaux de r\u00e9novation sont n\u00e9cessaires \u00e0 l\u2019int\u00e9rieur et ext\u00e9rieur de l\u2019\u00e9glise ainsi qu\u2019\u00e0 la Chapelle Bonne Nouvelle.Nous avons le projet de cr\u00e9er une association afin de contribuer \u00e0 pr\u00e9server notre patrimoine communal.Les travaux seront effectu\u00e9s avec l\u2019assistance de la Fondation du Patrimoine et par des artisans locaux.Afin de pr\u00e9senter ce projet, une r\u00e9union d\u2019information &hellip; <a href=\"https:\/\/commune.esson.fr\/website\/?page_id=363\" class=\"more-link\">Continuer la lecture<span class=\"screen-reader-text\"> de &laquo;&nbsp;ESSON Patrimoine&nbsp;&raquo;<\/span><\/a><\/p>\n","protected":false},"author":1,"featured_media":0,"parent":0,"menu_order":0,"comment_status":"closed","ping_status":"closed","template":"sidebar-page.php","meta":{"_exactmetrics_skip_tracking":false,"_exactmetrics_sitenote_active":false,"_exactmetrics_sitenote_note":"","_exactmetrics_sitenote_category":0,"footnotes":""},"class_list":["post-363","page","type-page","status-publish","hentry"],"_links":{"self":[{"href":"https:\/\/commune.esson.fr\/website\/index.php?rest_route=\/wp\/v2\/pages\/363","targetHints":{"allow":["GET"]}}],"collection":[{"href":"https:\/\/commune.esson.fr\/website\/index.php?rest_route=\/wp\/v2\/pages"}],"about":[{"href":"https:\/\/commune.esson.fr\/website\/index.php?rest_route=\/wp\/v2\/types\/page"}],"author":[{"embeddable":true,"href":"https:\/\/commune.esson.fr\/website\/index.php?rest_route=\/wp\/v2\/users\/1"}],"replies":[{"embeddable":true,"href":"https:\/\/commune.esson.fr\/website\/index.php?rest_route=%2Fwp%2Fv2%2Fcomments&post=363"}],"version-history":[{"count":21,"href":"https:\/\/commune.esson.fr\/website\/index.php?rest_route=\/wp\/v2\/pages\/363\/revisions"}],"predecessor-version":[{"id":537,"href":"https:\/\/commune.esson.fr\/website\/index.php?rest_route=\/wp\/v2\/pages\/363\/revisions\/537"}],"wp:attachment":[{"href":"https:\/\/commune.esson.fr\/website\/index.php?rest_route=%2Fwp%2Fv2%2Fmedia&parent=363"}],"curies":[{"name":"wp","href":"https:\/\/api.w.org\/{rel}","templated":true}]}}